{"id":88,"date":"2019-01-30T17:48:00","date_gmt":"2019-01-30T17:48:00","guid":{"rendered":"http:\/\/www.bobnbetty.fi\/?page_id=88"},"modified":"2026-03-23T13:25:43","modified_gmt":"2026-03-23T13:25:43","slug":"ajankohtaista","status":"publish","type":"page","link":"http:\/\/www.bobnbetty.fi\/?page_id=88","title":{"rendered":""},"content":{"rendered":"\n<p class=\"has-text-align-center\">23.3.2026<\/p>\n\n\n\n<p class=\"has-text-align-center\">Hei,<\/p>\n\n\n\n<p class=\"has-text-align-center\">Kev\u00e4t on jo alkanut, aurinko paistelee ihanasti! Minulla alkaa 30.3. nelj\u00e4n viikon ty\u00f6harjoittelu koulutukseeni liittyen ja silloin ty\u00f6skentelen l\u00e4hinn\u00e4 iltaisin. Sari tekee joitakin p\u00e4iv\u00e4vuoroja. Voit varata aikaa www.bobnbetty.fi tai soittaa 040 6276261. Jos ei vastata niin soitetaan takaisinp\u00e4in. Mukavaa kev\u00e4tt\u00e4!<\/p>\n\n\n\n<p class=\"has-text-align-center\">T Ansku ja Sari<\/p>\n\n\n\n<p class=\"has-text-align-center\">13.8.2025<\/p>\n\n\n\n<p class=\"has-text-align-center\">Hei!<\/p>\n\n\n\n<p class=\"has-text-align-center\">Syksy tuo uusia tuulia el\u00e4m\u00e4\u00e4ni! Aloitan ty\u00f6n ohessa opiskelut ja joudun pit\u00e4m\u00e4\u00e4n liikkeen kiinni joinakin p\u00e4ivin\u00e4 viikosta. Liike auki my\u00f6s joinakin lauantaip\u00e4ivin\u00e4, katsotaan nyt miten tuo lauantai-aukiolo kannattaa mutta kokeilen olisiko silloin tulijoita. Sari tekee edelleen osa-aikaisesti. <\/p>\n\n\n\n<p class=\"has-text-align-center\">Voit varata aikaa www.bobnbetty.fi. Voit my\u00f6s soittaa, jos emme vastaa pyrimme soittamaan takaisin. Liikkeen ikkunassa p\u00e4ivit\u00e4n viikon aukiolot. <\/p>\n\n\n\n<p class=\"has-text-align-center\">Mukavaa syksy\u00e4!\ud83d\ude0a\ud83c\udf3b<\/p>\n\n\n\n<p class=\"has-text-align-center\">T Ansku <\/p>\n\n\n\n<p class=\"has-text-align-center\"><strong>17.6.2025<\/strong><\/p>\n\n\n\n<p class=\"has-text-align-center\">Hei, juhannuksena liike kiinni 19.-20.6.. Olen lomalla 14.7.- 1.8.. Sari t\u00f6iss\u00e4 tuolloin joinakin p\u00e4ivin\u00e4. Kannattaa katsella aikoja: www.bobnbetty.fi<\/p>\n\n\n\n<p class=\"has-text-align-center\">Oikein mukavaa Juhannusta ja kes\u00e4\u00e4! \ud83c\udf1e\ud83c\udf3f<\/p>\n\n\n\n<p class=\"has-text-align-center\">T Ansku<\/p>\n\n\n\n<p class=\"has-text-align-center\"><strong>27.5.2025<\/strong><\/p>\n\n\n\n<p class=\"has-text-align-center\">Heippa! Kes\u00e4 tulee pikkuhiljaa ja t\u00e4ss\u00e4  pikku loma jo kolkuttelee nurkan takana! Eli v\u00e4h\u00e4n kes\u00e4aikataulusta tietoa. <\/p>\n\n\n\n<p class=\"has-text-align-center\">Liike on viel\u00e4 helatorstaina 29.5. avoinna mutta pe 30.5. suljettu. Olen lomalla ma-pe 2.-6.6., Sari kuitenkin paikalla ma- ke ja to- pe suljettu. Hein\u00e4kuussa pid\u00e4n viel\u00e4 p\u00e4tk\u00e4n lomaa mutta tarkennan ajankohdan my\u00f6hemmin. <\/p>\n\n\n\n<p class=\"has-text-align-center\">Mukavaa alkukes\u00e4\u00e4!\ud83c\udf3b<\/p>\n\n\n\n<p class=\"has-text-align-center\">t Ansku <\/p>\n\n\n\n<p class=\"has-text-align-center\"><strong>23.12.2024<\/strong><\/p>\n\n\n\n<p class=\"has-text-align-center\">Hei! Olen lomalla 23.- 29.12.. Liike taas avoinna 30.12.!<\/p>\n\n\n\n<p class=\"has-text-align-center\">Oikein rauhaisaa ja makoisaa joulua!<\/p>\n\n\n\n<p class=\"has-text-align-center\">t Ansku<\/p>\n\n\n\n<p><\/p>\n\n\n\n<p class=\"has-text-align-center\"><strong>18.6. 2024<\/strong><\/p>\n\n\n\n<p class=\"has-text-align-center\">Hei! Keskikes\u00e4n juhla l\u00e4hestyy ja luonto on kauneimmillaan ja valoakin riitt\u00e4\u00e4!<\/p>\n\n\n\n<p class=\"has-text-align-center\">Juhannusviikolla liike avoinna ma-ke, torstain ja perjantain olen jo juhannuksen vietossa!<\/p>\n\n\n\n<p class=\"has-text-align-center\">Lomallani 8.-26.7. liike suljettu!<\/p>\n\n\n\n<p class=\"has-text-align-center\">Hyv\u00e4\u00e4 juhannusta ja ihanaa kes\u00e4\u00e4 sulle!<\/p>\n\n\n\n<p class=\"has-text-align-center\">t Ansku<\/p>\n\n\n\n<p class=\"has-text-align-center\"><strong>8.5.2024<\/strong><\/p>\n\n\n\n<p class=\"has-text-align-center\">Hei, Liike suljettu 9.5.-12.5. sek\u00e4 17.5.!<\/p>\n\n\n\n<p class=\"has-text-align-center\"> T Ansku<\/p>\n\n\n\n<p class=\"has-text-align-center\"><strong>15.4.2024<\/strong><\/p>\n\n\n\n<p class=\"has-text-align-center\">Hei, Olen koulutuksessa ti 16.4., t\u00e4ll\u00f6in liike suljettu! <\/p>\n\n\n\n<p class=\"has-text-align-center\">T Ansku<\/p>\n\n\n\n<p class=\"has-text-align-center\"><strong>28.3.2024<\/strong><\/p>\n\n\n\n<p class=\"has-text-align-center\">Hei! <\/p>\n\n\n\n<p class=\"has-text-align-center\">Liike suljettu p\u00e4\u00e4si\u00e4isen\u00e4 ja avoinna taas ti 2.4. Mukavaa p\u00e4\u00e4si\u00e4ist\u00e4!<\/p>\n\n\n\n<p class=\"has-text-align-center\">t Ansku<\/p>\n\n\n\n<p class=\"has-text-align-center\"><strong>21.12.2023<\/strong><\/p>\n\n\n\n<p><\/p>\n\n\n\n<p class=\"has-text-align-center\">Hei! Hyv\u00e4\u00e4 Joulua ja Onnellista Uutta Vuotta !<\/p>\n\n\n\n<p class=\"has-text-align-center\">Olen joululomalla 23.12.-1.1.2024, takaisin taas 2.1.2024.<\/p>\n\n\n\n<p class=\"has-text-align-center\">Kiitokset kuluneesta vuodesta ja n\u00e4hd\u00e4\u00e4n ensi vuonna!<\/p>\n\n\n\n<p class=\"has-text-align-center\">t Ansku<\/p>\n\n\n\n<p><\/p>\n\n\n\n<p class=\"has-text-align-center\">Hei! Olen lomalla 27.10.- 1.11. Takaisin t\u00f6ihin tulen to 2.11.N\u00e4hd\u00e4\u00e4n!<\/p>\n\n\n\n<p class=\"has-text-align-center\">t Ansku<\/p>\n\n\n\n<p class=\"has-text-align-center\"><strong>28.6.2023<\/strong><\/p>\n\n\n\n<p class=\"has-text-align-center\">Heippa!<\/p>\n\n\n\n<p class=\"has-text-align-center\">Taasen pikku lomaa pukkaa, liike suljettu 29.-30.6. ja avoinna taas ma 3.7.. <\/p>\n\n\n\n<p class=\"has-text-align-center\">Pidemm\u00e4n loman pid\u00e4n 17.7.- 6.8.. Oikein ihanaa kes\u00e4\u00e4!<\/p>\n\n\n\n<p class=\"has-text-align-center\">t Ansku<\/p>\n\n\n\n<p class=\"has-text-align-center\"><strong>15.5.2023<\/strong><\/p>\n\n\n\n<p><\/p>\n\n\n\n<p class=\"has-text-align-left\">Hei ja ihanaa kun kes\u00e4 vihdoin alkoi! T\u00e4ss\u00e4 hieman tietoa kes\u00e4n aukioloajoista! <\/p>\n\n\n\n<p>Liike on suljettu: <\/p>\n\n\n\n<p>-helatorstaiviikonloppuna 18.-21.5.<\/p>\n\n\n\n<p>&#8211; 7.6. suljettu ja 8.6. aukeaa klo 13<\/p>\n\n\n\n<p>&#8211; juhannuksena suljettu 22.-25.6.<\/p>\n\n\n\n<p>terveisin Ansku<\/p>\n\n\n\n<p class=\"has-text-align-center\"><strong>15.3.2023<\/strong><\/p>\n\n\n\n<figure class=\"wp-block-gallery has-nested-images columns-default is-cropped wp-block-gallery-1 is-layout-flex wp-block-gallery-is-layout-flex\"><\/figure>\n\n\n\n<p class=\"has-text-align-center\">Moikka! Olen lomalla 21.-26.3. ja liike on silloin suljettu. Takaisin duunissa taas 27.3..<\/p>\n\n\n\n<p class=\"has-text-align-center\"> Ihanaa kev\u00e4tt\u00e4! <\/p>\n\n\n\n<p class=\"has-text-align-center\">t Ansku<\/p>\n\n\n\n<p class=\"has-text-align-center\"><strong>22.6.2022<\/strong><\/p>\n\n\n\n<p class=\"has-text-align-center\">Hei, Olen lomalla 23.6.-10.7.22 ja takaisin t\u00f6iss\u00e4 ma 11.7..<\/p>\n\n\n\n<p class=\"has-text-align-center\">Toisen p\u00e4tk\u00e4n lomailen 25.-31.7. Lomien  aikana liike on suljettu.<\/p>\n\n\n\n<p class=\"has-text-align-center\">Hyv\u00e4\u00e4 juhannusta ja ihanaa kes\u00e4\u00e4!<\/p>\n\n\n\n<p class=\"has-text-align-center\">T Ansku<\/p>\n\n\n\n<p class=\"has-text-align-center\"><strong>19.5.2022<\/strong><\/p>\n\n\n\n<p class=\"has-text-align-center\">Heippa! Olen sairaslomalla 19.-20.5. ja t\u00f6iss\u00e4 taas ma 23.5..<\/p>\n\n\n\n<p class=\"has-text-align-center\">Ensi viikolla helatorstaina liike suljettu ja pe 27.5. liike auki 10-15.<\/p>\n\n\n\n<p class=\"has-text-align-center\">t: Ansku<\/p>\n\n\n\n<p class=\"has-text-align-center\"><strong>19.12.2021<\/strong><\/p>\n\n\n\n<p class=\"has-text-align-center\">Joulu l\u00e4hestyy ja t\u00e4ss\u00e4 joulunajan ja vuodenvaihteen aikatauluja! Jouluviikolla liike suljettu to 23.-pe 24.12. Joulun j\u00e4lkeen ma 27.- to 30.12 avoinna 10-15 tai sopimuksen mukaan. Uudenvuodenaatto 31.12. suljettu. Loppiaisviikolla to 6.- pe 7.1. suljettu!<\/p>\n\n\n\n<p class=\"has-text-align-center\">Oikein rauhaisaa joulua! Kiitos teille kaikille ihanille asiakkaille kuluneesta vuodesta ja Onnellista Uuttavuotta 2022! <\/p>\n\n\n\n<p class=\"has-text-align-center\">T Ansku ja Jasmiina<\/p>\n\n\n\n<p class=\"has-text-align-center\"><strong>23.7.2021<\/strong><\/p>\n\n\n\n<p class=\"has-text-align-center\">Olemme lomalla 24.7.-1.8.21. T\u00e4ll\u00f6in liike suljettu. Hyv\u00e4\u00e4 Kes\u00e4\u00e4!<\/p>\n\n\n\n<p class=\"has-text-align-center\">T Ansku<\/p>\n\n\n\n<p class=\"has-text-align-center\"><strong>23.6.2021<\/strong><\/p>\n\n\n\n<p class=\"has-text-align-center\">Liike suljettu 24.-27.6.21! Hyv\u00e4\u00e4 juhannusta!<\/p>\n\n\n\n<p class=\"has-text-align-center\">T Ansku<\/p>\n\n\n\n<p class=\"has-text-align-center\"><strong>5.1. 2021<\/strong><\/p>\n\n\n\n<p class=\"has-text-align-center\">Loppiaisena 6.1.2021 liike suljettu!<\/p>\n\n\n\n<p class=\"has-text-align-center\">T Ansku<\/p>\n\n\n\n<p class=\"has-text-align-center\"><strong>22.12.2020<\/strong><\/p>\n\n\n\n<p class=\"has-text-align-center\">Hei! Olen lomalla 24.12.20 &#8211; 3.1.2021 ja t\u00e4ll\u00f6in liike suljettu!<\/p>\n\n\n\n<p class=\"has-text-align-center\">Hyv\u00e4\u00e4 Joulua ja Onnellista Uutta-Vuotta 2021!<\/p>\n\n\n\n<p class=\"has-text-align-center\">t Ansku<\/p>\n\n\n\n<p><\/p>\n\n\n\n<p class=\"has-text-align-center\"><strong>24.6.2020<\/strong><\/p>\n\n\n\n<p class=\"has-text-align-center\">Liike suljettu poikkeuksellisesti pe 26.6.!<\/p>\n\n\n\n<p class=\"has-text-align-center\">t Ansku<\/p>\n\n\n\n<p class=\"has-text-align-center\"> <strong>1.6.2020<\/strong><\/p>\n\n\n\n<p class=\"has-text-align-center\">Hei! Liike taas auki normaalisti arkisin 10-17 tai sopimuksen mukaan. Edelleen tehostettu desinfiointi ja puhtaanapito jatkuu ja eth\u00e4n tule kipe\u00e4n\u00e4!<\/p>\n\n\n\n<p class=\"has-text-align-center\"> Olen lomalla 18.7.-2.8.!<\/p>\n\n\n\n<p class=\"has-text-align-center\">Oikein ihanaa kes\u00e4\u00e4!<\/p>\n\n\n\n<p class=\"has-text-align-center\">t Ansku<\/p>\n\n\n\n<p><\/p>\n\n\n\n<p class=\"has-text-align-center\"><strong>20.4.2020<\/strong><\/p>\n\n\n<p><!--StartFragment--><\/p>\n\n\n<p>Hei! Liike auki ark. 10-15 tai muina aikoina ajanvarauksella sopimuksen mukaan. Olemme tehostaneet puhtaanapitoa ja desinfioimme asiakaspaikat ja v\u00e4lineet jokaisen asiakkaan j\u00e4lkeen.<\/p>\n\n\n\n<p> Tervetuloa mutta eth\u00e4n tule kipe\u00e4n\u00e4! Seuraamme vallitsevaa tilannetta ja p\u00e4ivit\u00e4mme  muutokset t\u00e4nne ja Facebookiin. Tsemppi\u00e4 kaikille! <\/p>\n\n\n\n<p class=\"has-text-align-center\">T Ansku<\/p>\n\n\n<\/p>\n\n\n<\/p>\n<p>\u00a0<\/p>\n<p>\n\n\n\n<\/p>\n<p>\n\n\n\n<\/p>\n<p class=\"has-text-align-center\">\n\n\n<\/p>\n\n\n<p class=\"has-text-align-center\"><strong>13.4.2020<\/strong><\/p>\n\n\n\n<p><\/p>\n\n\n\n<p class=\"has-text-align-center\"> Vallitsevan tilanteen vuoksi liike toistaiseksi suljettu (31.3.-19.4.).   Seuraamme tilannetta ja ilmoitamme muutoksista t\u00e4\u00e4ll\u00e4 sek\u00e4  Facebookissa! <\/p>\n\n\n\n<p class=\"has-text-align-center\">T Ansku<\/p>\n\n\n\n<p class=\"has-text-align-center\"><strong>31.3.2020<\/strong><\/p>\n\n\n\n<p class=\"has-text-align-center\">Vallitsevan tilanteen vuoksi liike toistaiseksi suljettu (31.3.-13.4.).  Seuraamme tilannetta ja ilmoitamme muutoksista t\u00e4\u00e4ll\u00e4 sek\u00e4 Facebookissa!<\/p>\n\n\n\n<p class=\"has-text-align-center\">T Ansku<\/p>\n\n\n\n<p class=\"has-text-align-center\"><strong>17.3.2020<\/strong><\/p>\n\n\n\n<p>Hei! Huomattavasti v\u00e4hentyneiden asiakasm\u00e4\u00e4rien johdosta liike auki ark. 10-15 tai ajanvarauksella sopimuksen mukaan. Olemme tehostaneet puhtaanapitoa ja desinfioimme pintoja ja v\u00e4lineit\u00e4 entist\u00e4 tarkemmin. Tervetuloa mutta eth\u00e4n tule kipe\u00e4n\u00e4! Seuraamme vallitsevaa tilannetta ja p\u00e4ivit\u00e4mme  muutokset t\u00e4nne ja Facebookiin. Tsemppi\u00e4 kaikille! <\/p>\n\n\n\n<p class=\"has-text-align-center\">T Ansku<\/p>\n\n\n\n<p class=\"has-text-align-center\"><strong>22.12.2019<\/strong><\/p>\n\n\n\n<p class=\"has-text-align-center\">Joulu tulla jolkottaa ja tuo muutoksia aukioloaikoihin! Ma 23.12. liike auki klo 10-14,<\/p>\n\n\n\n<p class=\"has-text-align-center\"> 24.-29.12. suljettu. Ma 30.12. normaalisti avoinna 10-17 ja ti 31.12. klo 10-15.<\/p>\n\n\n\n<p class=\"has-text-align-center\">Uudenvuodenp\u00e4iv\u00e4n\u00e4 suljettu!<\/p>\n\n\n\n<p class=\"has-text-align-center\">Oikein ihanaa joulunaikaa ja Onnellista Uutta-Vuotta! T Ansku<\/p>\n\n\n\n<p><\/p>\n\n\n\n<p class=\"has-text-align-center\"><strong>30.9.2019<\/strong><\/p>\n\n\n\n<p class=\"has-text-align-center\">Hei! Lomani aikana liike auki seuraavasti! Ke- pe 2.- 4.10 avoinna 10-15! Ma- pe 7.- 11.10. liike suljettu!               Mukavaa syksy\u00e4! T Ansku<\/p>\n\n\n\n<p class=\"has-text-align-center\"><strong>20.9. 2019<\/strong><\/p>\n\n\n\n<p class=\"has-text-align-center\">Hei! Pe 20. 9. liike on avoinna 10-16! Mukavaa viikonloppua! T Ansku<\/p>\n\n\n\n<p class=\"has-text-align-center\"><strong>17.8.2019<\/strong><\/p>\n\n\n\n<p class=\"has-text-align-center\">Hei! Ma 19.8. olen SensiDo- v\u00e4rikoulutuksessa ja liike on suljettu! T Ansku<\/p>\n\n\n\n<p class=\"has-text-align-center\"><strong>22.7.2019<\/strong><\/p>\n\n\n\n<p class=\"has-text-align-center\">Heippa! Liike on suljettu pe 26.7. &#8211; ma 29.7. Muuten normaali aukioloaika eli ark. 10- 17 tai sopimuksen mukaan! Ihanaa kes\u00e4\u00e4, nauttikaa l\u00e4mm\u00f6st\u00e4 ja muistakaa nestetankkaus! T Ansku<\/p>\n\n\n<p><!--StartFragment--><\/p>\n<p><!--EndFragment--><\/p>\n\n\n<p><\/p>\n\n\n\n<p class=\"has-text-align-center\"><strong>31.5.2019<\/strong><\/p>\n\n\n\n<p class=\"has-text-align-center\">Hei! Ihana kes\u00e4 on alkanut ja t\u00e4ss\u00e4 hieman tietoa Bob`n Bettyn kes\u00e4aikatauluista! Ma 3.6.liike suljettu ja 4. 6. alkaen kes\u00e4aukioloajat arkisin 10- 17. Muina aikoina sopimuksen mukaan. Eli voin aloitella aikaisemmin tai jatkaa illasta tarpeen mukaan! Olen lomalla 29.6.-7.7. T Ansku<\/p>\n\n\n\n<p class=\"has-text-align-center\"><strong>7.3.2019<\/strong><\/p>\n\n\n\n<p class=\"has-text-align-center\">Torstaina 7.3. suljetaan klo 16 koulutuksen vuoksi! <br><\/p>\n\n\n\n<p class=\"has-text-align-center\"><strong>11.2.2019<\/strong><\/p>\n\n\n\n<p class=\"has-text-align-center\">Hiustenleikkaukset aina ilman ajanvarausta!<\/p>\n\n\n\n<p class=\"has-text-align-center\">V\u00e4rit ja tukik\u00e4sittelyt ajanvarauksella sopimuksen mukaan!<\/p>\n\n\n\n<p><\/p>\n\n\n\n<p><\/p>\n\n\n\n<p><\/p>\n","protected":false},"excerpt":{"rendered":"<p>23.3.2026 Hei, Kev\u00e4t on jo alkanut, aurinko paistelee ihanasti! Minulla alkaa 30.3. nelj\u00e4n viikon ty\u00f6harjoittelu koulutukseeni liittyen ja silloin ty\u00f6skentelen l\u00e4hinn\u00e4 iltaisin. [&hellip;]<\/p>\n","protected":false},"author":1,"featured_media":0,"parent":0,"menu_order":0,"comment_status":"closed","ping_status":"closed","template":"page-templates\/page_fullwidth.php","meta":{"footnotes":""},"class_list":["post-88","page","type-page","status-publish","hentry"],"yoast_head":"<!-- This site is optimized with the Yoast SEO plugin v21.8.1 - https:\/\/yoast.com\/wordpress\/plugins\/seo\/ -->\n<title>Ajankohtaista \u2013 Parturi-kampaamo Bob&#039;n Betty<\/title>\n<meta name=\"description\" content=\"Parturi-kampaamo Bob&#039;n Betty | Hiustenleikkaukset ilman ajanvarausta | Niinikuja 2, 01360 Vantaa.\" \/>\n<meta name=\"robots\" content=\"index, follow, max-snippet:-1, max-image-preview:large, max-video-preview:-1\" \/>\n<link rel=\"canonical\" href=\"http:\/\/www.bobnbetty.fi\/?page_id=88\" \/>\n<meta property=\"og:locale\" content=\"fi_FI\" \/>\n<meta property=\"og:type\" content=\"article\" \/>\n<meta property=\"og:title\" content=\"Ajankohtaista \u2013 Parturi-kampaamo Bob&#039;n Betty\" \/>\n<meta property=\"og:description\" content=\"Parturi-kampaamo Bob&#039;n Betty | Hiustenleikkaukset ilman ajanvarausta | Niinikuja 2, 01360 Vantaa.\" \/>\n<meta property=\"og:url\" content=\"http:\/\/www.bobnbetty.fi\/?page_id=88\" \/>\n<meta property=\"og:site_name\" content=\"Bob&#039;n Betty &ndash; Parturi-kampaamo\" \/>\n<meta property=\"article:modified_time\" content=\"2026-03-23T13:25:43+00:00\" \/>\n<meta name=\"twitter:card\" content=\"summary_large_image\" \/>\n<meta name=\"twitter:label1\" content=\"Est. reading time\" \/>\n\t<meta name=\"twitter:data1\" content=\"6 minuuttia\" \/>\n<script type=\"application\/ld+json\" class=\"yoast-schema-graph\">{\"@context\":\"https:\/\/schema.org\",\"@graph\":[{\"@type\":\"WebPage\",\"@id\":\"http:\/\/www.bobnbetty.fi\/?page_id=88\",\"url\":\"http:\/\/www.bobnbetty.fi\/?page_id=88\",\"name\":\"Ajankohtaista \u2013 Parturi-kampaamo Bob'n Betty\",\"isPartOf\":{\"@id\":\"http:\/\/www.bobnbetty.fi\/#website\"},\"datePublished\":\"2019-01-30T17:48:00+00:00\",\"dateModified\":\"2026-03-23T13:25:43+00:00\",\"description\":\"Parturi-kampaamo Bob'n Betty | Hiustenleikkaukset ilman ajanvarausta | Niinikuja 2, 01360 Vantaa.\",\"inLanguage\":\"fi\",\"potentialAction\":[{\"@type\":\"ReadAction\",\"target\":[\"http:\/\/www.bobnbetty.fi\/?page_id=88\"]}]},{\"@type\":\"WebSite\",\"@id\":\"http:\/\/www.bobnbetty.fi\/#website\",\"url\":\"http:\/\/www.bobnbetty.fi\/\",\"name\":\"Bob'n Betty &ndash; Parturi-kampaamo\",\"description\":\"\",\"potentialAction\":[{\"@type\":\"SearchAction\",\"target\":{\"@type\":\"EntryPoint\",\"urlTemplate\":\"http:\/\/www.bobnbetty.fi\/?s={search_term_string}\"},\"query-input\":\"required name=search_term_string\"}],\"inLanguage\":\"fi\"}]}<\/script>\n<!-- \/ Yoast SEO plugin. -->","yoast_head_json":{"title":"Ajankohtaista \u2013 Parturi-kampaamo Bob'n Betty","description":"Parturi-kampaamo Bob'n Betty | Hiustenleikkaukset ilman ajanvarausta | Niinikuja 2, 01360 Vantaa.","robots":{"index":"index","follow":"follow","max-snippet":"max-snippet:-1","max-image-preview":"max-image-preview:large","max-video-preview":"max-video-preview:-1"},"canonical":"http:\/\/www.bobnbetty.fi\/?page_id=88","og_locale":"fi_FI","og_type":"article","og_title":"Ajankohtaista \u2013 Parturi-kampaamo Bob'n Betty","og_description":"Parturi-kampaamo Bob'n Betty | Hiustenleikkaukset ilman ajanvarausta | Niinikuja 2, 01360 Vantaa.","og_url":"http:\/\/www.bobnbetty.fi\/?page_id=88","og_site_name":"Bob'n Betty &ndash; Parturi-kampaamo","article_modified_time":"2026-03-23T13:25:43+00:00","twitter_card":"summary_large_image","twitter_misc":{"Est. reading time":"6 minuuttia"},"schema":{"@context":"https:\/\/schema.org","@graph":[{"@type":"WebPage","@id":"http:\/\/www.bobnbetty.fi\/?page_id=88","url":"http:\/\/www.bobnbetty.fi\/?page_id=88","name":"Ajankohtaista \u2013 Parturi-kampaamo Bob'n Betty","isPartOf":{"@id":"http:\/\/www.bobnbetty.fi\/#website"},"datePublished":"2019-01-30T17:48:00+00:00","dateModified":"2026-03-23T13:25:43+00:00","description":"Parturi-kampaamo Bob'n Betty | Hiustenleikkaukset ilman ajanvarausta | Niinikuja 2, 01360 Vantaa.","inLanguage":"fi","potentialAction":[{"@type":"ReadAction","target":["http:\/\/www.bobnbetty.fi\/?page_id=88"]}]},{"@type":"WebSite","@id":"http:\/\/www.bobnbetty.fi\/#website","url":"http:\/\/www.bobnbetty.fi\/","name":"Bob'n Betty &ndash; Parturi-kampaamo","description":"","potentialAction":[{"@type":"SearchAction","target":{"@type":"EntryPoint","urlTemplate":"http:\/\/www.bobnbetty.fi\/?s={search_term_string}"},"query-input":"required name=search_term_string"}],"inLanguage":"fi"}]}},"_links":{"self":[{"href":"http:\/\/www.bobnbetty.fi\/index.php?rest_route=\/wp\/v2\/pages\/88","targetHints":{"allow":["GET"]}}],"collection":[{"href":"http:\/\/www.bobnbetty.fi\/index.php?rest_route=\/wp\/v2\/pages"}],"about":[{"href":"http:\/\/www.bobnbetty.fi\/index.php?rest_route=\/wp\/v2\/types\/page"}],"author":[{"embeddable":true,"href":"http:\/\/www.bobnbetty.fi\/index.php?rest_route=\/wp\/v2\/users\/1"}],"replies":[{"embeddable":true,"href":"http:\/\/www.bobnbetty.fi\/index.php?rest_route=%2Fwp%2Fv2%2Fcomments&post=88"}],"version-history":[{"count":61,"href":"http:\/\/www.bobnbetty.fi\/index.php?rest_route=\/wp\/v2\/pages\/88\/revisions"}],"predecessor-version":[{"id":751,"href":"http:\/\/www.bobnbetty.fi\/index.php?rest_route=\/wp\/v2\/pages\/88\/revisions\/751"}],"wp:attachment":[{"href":"http:\/\/www.bobnbetty.fi\/index.php?rest_route=%2Fwp%2Fv2%2Fmedia&parent=88"}],"curies":[{"name":"wp","href":"https:\/\/api.w.org\/{rel}","templated":true}]}}